{"id":1068,"date":"2012-02-20T20:34:57","date_gmt":"2012-02-20T20:34:57","guid":{"rendered":"http:\/\/giec.blogs.uva.es\/?page_id=1068"},"modified":"2017-12-13T15:10:35","modified_gmt":"2017-12-13T15:10:35","slug":"maria-devesa-fernandez","status":"publish","type":"page","link":"https:\/\/giec.blogs.uva.es\/?page_id=1068","title":{"rendered":"Mar\u00eda Devesa Fern\u00e1ndez"},"content":{"rendered":"<p>[:es]<\/p>\n<p style=\"font-size: 10px;margin-top: 0;padding-top: 0px\"><a href=\"https:\/\/giec.blogs.uva.es\/?page_id=968\" target=\"_self\">\u00ab Volver<\/a><\/p>\n<h1 style=\"margin-top: 5px\">Mar\u00eda Devesa Fern\u00e1ndez<\/h1>\n<p><a href=\"https:\/\/giec.blogs.uva.es\/files\/2012\/02\/th_3fb9509614e620362a746ac0ed563885_maria.jpg\"><img loading=\"lazy\" decoding=\"async\" class=\"alignright size-full wp-image-1185\" src=\"https:\/\/giec.blogs.uva.es\/files\/2012\/02\/th_3fb9509614e620362a746ac0ed563885_maria.jpg\" alt=\"Mar\u00eda Devesa Fern\u00e1ndez\" width=\"200\" height=\"248\" \/><\/a><\/p>\n<p style=\"font-style: normal\">Profesora Contratada Doctor de Econom\u00eda Aplicada<\/p>\n<p style=\"line-height: 22px\">Facultad CC. Sociales, Jcas. y de la Comunicaci\u00f3n<\/p>\n<p style=\"line-height: 22px\">Universidad de Valladolid<\/p>\n<p style=\"line-height: 22px\">Plaza de la Tierra, 3. 40001 Segovia<\/p>\n<p>&nbsp;<\/p>\n<p class=\"telefono\" style=\"margin-bottom: 5px;line-height: 22px\">Tel\u00e9fono: +34 921 112 122<\/p>\n<p class=\"fax\" style=\"margin-bottom: 5px;line-height: 22px\">Fax: +34 921 112 101<\/p>\n<p class=\"email\" style=\"margin-bottom: 5px;line-height: 22px\">Email: <a href=\"mailto:mdevesa@eco.uva.es\">mdevesa@eco.uva.es<\/a><\/p>\n<p class=\"web\" style=\"margin-bottom: 5px;line-height: 22px\">Web: <a href=\"http:\/\/www.emp.uva.es\/giec\" target=\"_blank\" rel=\"noopener\">http:\/\/www.emp.uva.es\/giec<\/a><\/p>\n<p class=\"web\" style=\"margin-bottom: 5px;line-height: 22px\">Docencia: <a href=\"http:\/\/www.uva.es\/cocoon_uva\/impe\/uva\/contenidoDinamico?funcion=ProfesorDetalle&amp;origen=centro&amp;dni_encrip=uvRQv3ORgcLXc&amp;idMenuDer=&amp;idCampus=31580&amp;idCentro=32134&amp;tamLetra=&amp;idMenus=93,3185\" target=\"_blank\" rel=\"noopener\"> Ver <\/a><\/p>\n<p style=\"font-weight: bold;margin-bottom: 8px;line-height: 175%\">CV breve<\/p>\n<div style=\"background-color: #c5d3e2;width: 100%;height: 185px;overflow: auto;margin-bottom: 10px\">\n<p style=\"padding: 3px 15px 3px 15px\">Mar\u00eda Devesa Fern\u00e1ndez es Doctora en Ciencias Econ\u00f3micas y profesora del Departamento de Econom\u00eda Aplicada de la Universidad de Valladolid, ejerciendo su actividad docente en la Facultad de Ciencias Sociales, Jur\u00eddicas y de la Comunicaci\u00f3n del Campus de Segovia de esta universidad. Ha realizado estancias de investigaci\u00f3n en el Trinity College Dubl\u00edn (Irlanda) y en la Universidad Austral de Chile, y forma parte del Grupo de Investigaci\u00f3n Reconocido en Econom\u00eda de la Cultura de la Universidad de Valladolid. Sus investigaciones se centran, por una parte, en la econom\u00eda de los festivales culturales, el impacto econ\u00f3mico de la cultura y los estudios de demanda. As\u00ed mismo, trabaja en el campo de la econom\u00eda del turismo, especialmente en la relaci\u00f3n entre motivaci\u00f3n, satisfacci\u00f3n y lealtad en el campo de los viajes. Ha participado en diferentes proyectos y contratos de investigaci\u00f3n relacionados con estos temas, as\u00ed como en numerosos congresos cient\u00edficos de car\u00e1cter nacional e internacional. Ha publicado art\u00edculos en revistas internacionales indexadas como <em>European Urban and Regional Studies<\/em>, <em>Tourism Management<\/em> y <em>Tourism Economics<\/em>, as\u00ed como en revistas nacionales de prestigio como <em>Informaci\u00f3n Comercial Espa\u00f1ola<\/em>, <em>Revista de Psicolog\u00eda del Trabajo y de las Organizaciones Sociales<\/em> o <em>Estudios de Econom\u00eda Aplicada<\/em>.<\/p>\n<\/div>\n<p class=\"pdf\" style=\"padding-bottom: 2px;margin-bottom: 8px;line-height: 175%;font-weight: bold\"><a href=\"https:\/\/giec.blogs.uva.es\/files\/2012\/02\/VICTOR_FERNANDO_FIGUEROA_CV_ENGLISH1.pdf\">Short CV<\/a><\/p>\n<p><strong>Publicaciones principales<\/strong><\/p>\n<div style=\"background-color: #c5d3e2;width: 100%;height: 150px;overflow: auto;margin-bottom: 15px\">\n<p style=\"padding: 5px 15px 0 15px\">Devesa, M., B\u00e1ez, A., Figueroa, V. y Herrero, L.C. (2012) \u201cRepercusiones econ\u00f3micas y sociales de los festivales culturales. El caso del Festival Internacional de Cine de Valdivia\u201d <em>EURE-Revista Latinoamericana de Estudios Urbano Regionales<\/em>, (en prensa)<\/p>\n<p class=\"pdf\" style=\"padding: 3px 15px 3px 20px\"><a href=\"https:\/\/giec.blogs.uva.es\/files\/2012\/03\/Galeradas-Finales-Cajamar-DIC-2011.pdf\">Herrero Prieto, L.C. y Devesa Fern\u00e1ndez, M. (2012) \u201cLa cultura y el turismo como factores de desarrollo de la econom\u00eda de Valladolid\u201d, en: J.E. Fern\u00e1ndez Arufe, J.O. Ogando Canabal y J.J. Juste Carri\u00f3n (Eds.) <em>La Econom\u00eda de la provincia de Valladolid<\/em>. Ed. Servicio de Estudios de la Fundaci\u00f3n Cajamar, Almer\u00eda.<\/a><\/p>\n<p class=\"pdf\" style=\"padding: 3px 15px 3px 20px\"><a href=\"https:\/\/giec.blogs.uva.es\/files\/2012\/02\/tourismeconomics2011.pdf\" target=\"_blank\" rel=\"noopener\">Herrero, L.C., Sanz, J.A. y Devesa, M. (2011) \u201cMeasuring the economic value and social viability of a cultural festival as a tourism prototype\u201d <em>Tourism Economics<\/em>, 17 (3), 639-653.<\/a><\/p>\n<p style=\"padding: 5px 15px 0 15px\">Herrero, L.C., Sanz, J.A. y Devesa, M. (2009) \u201cWho pays more for a cultural religious festival?: A case study in Santiago de Compostela\u201d, in: Anna Trono (Ed.) <em>Tourism, Religion and Culture: Regional Development through Meaningful Tourism Experiences, <\/em>Mario Congedo Publisher, Galatina (Italia)<\/p>\n<p class=\"pdf\" style=\"padding: 3px 15px 3px 20px\"><a href=\"https:\/\/giec.blogs.uva.es\/files\/2012\/02\/eeadevesaherrerosanz2009.pdf\" target=\"_blank\" rel=\"noopener\">Devesa Fern\u00e1ndez, M., Herrero Prieto, L.C. y Sanz Lara, J.A. (2009) \u201cAn\u00e1lisis econ\u00f3mico de la demanda de un festival cultural\u201d, <em>Estudios de Econom\u00eda Aplicada,<\/em> 27(1), 139-160.<\/a><\/p>\n<p style=\"padding: 5px 15px 0 15px\">Devesa Fern\u00e1ndez, M. y Herrero Prieto, L.C. (2007) \u201cL\u2019Impatto dei Festival. Il Festival Cinematografico di Valladolid\u201d,\u00a0 <em>Economia della Cultura<\/em>, 1, 67-76,<\/p>\n<p style=\"padding: 5px 15px 0 15px\">Herrero Prieto, L.C. y Devesa Fern\u00e1ndez, M. (2007) \u201cEl fen\u00f3meno de los festivales culturales en Espa\u00f1a: an\u00e1lisis y dimensi\u00f3n del impacto econ\u00f3mico\u201d, <em>Cuadernos de Econom\u00eda de la Cultura,<\/em> 7\/8, 7-25.<\/p>\n<p style=\"padding: 5px 15px 0 15px\">Herrero Prieto, L.C., Sanz Lara, J.A., Bedate Centeno, A., Devesa Fern\u00e1ndez, M. y Barrio Tellado, M.J. del (2007) \u201cEconomic Impact and Social Performance of Cultural Macrofestivals\u201d, in: Greg Fichards (Ed.) <em>Cultural Tourism. Global and Local Perspectives<\/em>, The Haworth Press, New York<\/p>\n<p class=\"pdf\" style=\"padding: 3px 15px 3px 20px\"><a href=\"https:\/\/giec.blogs.uva.es\/files\/2012\/02\/eurs2006.pdf\" target=\"_blank\" rel=\"noopener\">Herrero Prieto, L.C., Sanz Lara, J.A., Bedate Centeno, A., Devesa Fern\u00e1ndez, M. y Barrio Tellado, M.J. del (2006) \u201cThe Economic Impact of Cultural Events: a Case-Study of Salamanca 2002, European Capital of Culture\u201d, <em>European Urban and Regional Studies,<\/em> 13(1), 41-57.<\/a><\/p>\n<p style=\"padding: 5px 15px 0 15px\">Herrero, L.C., Sanz, J.A., Bedate, A., Devesa, M. y Del Barrio, M.J. (2004). <em>Turismo Cultural e Impacto Econ\u00f3mico de Salamanca 2002, Ciudad Europea de la Cultura<\/em>. Madrid: Civitas.<\/p>\n<\/div>\n<p class=\"pdf\" style=\"padding-bottom: 2px;margin-bottom: 8px;line-height: 175%;font-weight: bold\"><a href=\"https:\/\/drive.google.com\/file\/d\/1F12m54NMtewdKn3x4xh7SFPqMXh7Ko8L\/view\"><strong>CV Normalizado<\/strong><\/a><\/p>\n<p>[:gb]\n<\/p>\n<p style=\"font-size: 10px;margin-top: 0;padding-top: 0px\"><a href=\"https:\/\/giec.blogs.uva.es\/?page_id=968\" target=\"_self\">\u00ab Return<\/a><\/p>\n<h1 style=\"margin-top: 5px\">Mar\u00eda Devesa Fern\u00e1ndez<\/h1>\n<p><a href=\"https:\/\/giec.blogs.uva.es\/files\/2012\/02\/th_3fb9509614e620362a746ac0ed563885_maria.jpg\"><img loading=\"lazy\" decoding=\"async\" class=\"alignright size-full wp-image-1185\" src=\"https:\/\/giec.blogs.uva.es\/files\/2012\/02\/th_3fb9509614e620362a746ac0ed563885_maria.jpg\" alt=\"Mar\u00eda Devesa Fern\u00e1ndez\" width=\"200\" height=\"248\" \/><\/a><\/p>\n<p style=\"font-style: normal\">Titular Profesor of Applied Economics<\/p>\n<p style=\"line-height: 22px\">Faculty of Social, Legal and Communication Sciences<\/p>\n<p style=\"line-height: 22px\">University of Valladolid<\/p>\n<p style=\"line-height: 22px\">Plaza de la Tierra, 3. 40001 Segovia<\/p>\n<p>&nbsp;<\/p>\n<p class=\"telephone\" style=\"margin-bottom: 5px;line-height: 22px\">Telephone: +34 921 112 122<\/p>\n<p class=\"fax\" style=\"margin-bottom: 5px;line-height: 22px\">Fax: +34 921 112 101<\/p>\n<p class=\"email\" style=\"margin-bottom: 5px;line-height: 22px\">Email: <a href=\"mailto:mdevesa@eco.uva.es\">mdevesa@eco.uva.es<\/a><\/p>\n<p class=\"web\" style=\"margin-bottom: 5px;line-height: 22px\">Web: <a href=\"http:\/\/www.emp.uva.es\/giec\" target=\"_blank\" rel=\"noopener\">http:\/\/www.emp.uva.es\/giec<\/a><\/p>\n<p class=\"web\" style=\"margin-bottom: 5px;line-height: 22px\">Teaching: <a href=\"http:\/\/www.uva.es\/cocoon_uva\/impe\/uva\/contenidoDinamico?funcion=ProfesorDetalle&amp;origen=centro&amp;dni_encrip=uvRQv3ORgcLXc&amp;idMenuDer=&amp;idCampus=31580&amp;idCentro=32134&amp;tamLetra=&amp;idMenus=93,3185\" target=\"_blank\" rel=\"noopener\"> Show <\/a><\/p>\n<p style=\"font-weight: bold;margin-bottom: 8px;line-height: 175%\">Short CV<\/p>\n<div style=\"background-color: #c5d3e2;width: 100%;height: 185px;overflow: auto;margin-bottom: 10px\">\n<p style=\"padding: 3px 15px 3px 15px\">Mar\u00eda Devesa Fern\u00e1ndez es Doctora en Ciencias Econ\u00f3micas y profesora del Departamento de Econom\u00eda Aplicada de la Universidad de Valladolid, ejerciendo su actividad docente en la Facultad de Ciencias Sociales, Jur\u00eddicas y de la Comunicaci\u00f3n del Campus de Segovia de esta universidad. Ha realizado estancias de investigaci\u00f3n en el Trinity College Dubl\u00edn (Irlanda) y en la Universidad Austral de Chile, y forma parte del Grupo de Investigaci\u00f3n Reconocido en Econom\u00eda de la Cultura de la Universidad de Valladolid. Sus investigaciones se centran, por una parte, en la econom\u00eda de los festivales culturales, el impacto econ\u00f3mico de la cultura y los estudios de demanda. As\u00ed mismo, trabaja en el campo de la econom\u00eda del turismo, especialmente en la relaci\u00f3n entre motivaci\u00f3n, satisfacci\u00f3n y lealtad en el campo de los viajes. Ha participado en diferentes proyectos y contratos de investigaci\u00f3n relacionados con estos temas, as\u00ed como en numerosos congresos cient\u00edficos de car\u00e1cter nacional e internacional. Ha publicado art\u00edculos en revistas internacionales indexadas como <em>European Urban and Regional Studies<\/em>, <em>Tourism Management<\/em> y <em>Tourism Economics<\/em>, as\u00ed como en revistas nacionales de prestigio como <em>Informaci\u00f3n Comercial Espa\u00f1ola<\/em>, <em>Revista de Psicolog\u00eda del Trabajo y de las Organizaciones Sociales<\/em> o <em>Estudios de Econom\u00eda Aplicada<\/em>.<\/p>\n<\/div>\n<p class=\"pdf\" style=\"padding-bottom: 2px;margin-bottom: 8px;line-height: 175%;font-weight: bold\"><a href=\"https:\/\/giec.blogs.uva.es\/files\/2012\/02\/VICTOR_FERNANDO_FIGUEROA_CV_ENGLISH1.pdf\">Short CV<\/a><\/p>\n<p><strong>Main Publications<\/strong><\/p>\n<div style=\"background-color: #c5d3e2;width: 100%;height: 150px;overflow: auto;margin-bottom: 15px\">\n<p style=\"padding: 5px 15px 0 15px\">Devesa, M., B\u00e1ez, A., Figueroa, V. y Herrero, L.C. (2012) \u201cRepercusiones econ\u00f3micas y sociales de los festivales culturales. El caso del Festival Internacional de Cine de Valdivia\u201d <em>EURE-Revista Latinoamericana de Estudios Urbano Regionales<\/em>, (en prensa)<\/p>\n<p class=\"pdf\" style=\"padding: 3px 15px 3px 20px\"><a href=\"https:\/\/giec.blogs.uva.es\/files\/2012\/03\/Galeradas-Finales-Cajamar-DIC-2011.pdf\">Herrero Prieto, L.C. y Devesa Fern\u00e1ndez, M. (2012) \u201cLa cultura y el turismo como factores de desarrollo de la econom\u00eda de Valladolid\u201d, en: J.E. Fern\u00e1ndez Arufe, J.O. Ogando Canabal y J.J. Juste Carri\u00f3n (Eds.) <em>La Econom\u00eda de la provincia de Valladolid<\/em>. Ed. Servicio de Estudios de la Fundaci\u00f3n Cajamar, Almer\u00eda.<\/a><\/p>\n<p class=\"pdf\" style=\"padding: 3px 15px 3px 20px\"><a href=\"https:\/\/giec.blogs.uva.es\/files\/2012\/02\/tourismeconomics2011.pdf\" target=\"_blank\" rel=\"noopener\">Herrero, L.C., Sanz, J.A. y Devesa, M. (2011) \u201cMeasuring the economic value and social viability of a cultural festival as a tourism prototype\u201d <em>Tourism Economics<\/em>, 17 (3), 639-653.<\/a><\/p>\n<p style=\"padding: 5px 15px 0 15px\">Herrero, L.C., Sanz, J.A. y Devesa, M. (2009) \u201cWho pays more for a cultural religious festival?: A case study in Santiago de Compostela\u201d, in: Anna Trono (Ed.) <em>Tourism, Religion and Culture: Regional Development through Meaningful Tourism Experiences, <\/em>Mario Congedo Publisher, Galatina (Italia)<\/p>\n<p class=\"pdf\" style=\"padding: 3px 15px 3px 20px\"><a href=\"https:\/\/giec.blogs.uva.es\/files\/2012\/02\/eeadevesaherrerosanz2009.pdf\" target=\"_blank\" rel=\"noopener\">Devesa Fern\u00e1ndez, M., Herrero Prieto, L.C. y Sanz Lara, J.A. (2009) \u201cAn\u00e1lisis econ\u00f3mico de la demanda de un festival cultural\u201d, <em>Estudios de Econom\u00eda Aplicada,<\/em> 27(1), 139-160.<\/a><\/p>\n<p style=\"padding: 5px 15px 0 15px\">Devesa Fern\u00e1ndez, M. y Herrero Prieto, L.C. (2007) \u201cL\u2019Impatto dei Festival. Il Festival Cinematografico di Valladolid\u201d,\u00a0 <em>Economia della Cultura<\/em>, 1, 67-76,<\/p>\n<p style=\"padding: 5px 15px 0 15px\">Herrero Prieto, L.C. y Devesa Fern\u00e1ndez, M. (2007) \u201cEl fen\u00f3meno de los festivales culturales en Espa\u00f1a: an\u00e1lisis y dimensi\u00f3n del impacto econ\u00f3mico\u201d, <em>Cuadernos de Econom\u00eda de la Cultura,<\/em> 7\/8, 7-25.<\/p>\n<p style=\"padding: 5px 15px 0 15px\">Herrero Prieto, L.C., Sanz Lara, J.A., Bedate Centeno, A., Devesa Fern\u00e1ndez, M. y Barrio Tellado, M.J. del (2007) \u201cEconomic Impact and Social Performance of Cultural Macrofestivals\u201d, in: Greg Fichards (Ed.) <em>Cultural Tourism. Global and Local Perspectives<\/em>, The Haworth Press, New York<\/p>\n<p class=\"pdf\" style=\"padding: 3px 15px 3px 20px\"><a href=\"https:\/\/giec.blogs.uva.es\/files\/2012\/02\/eurs2006.pdf\" target=\"_blank\" rel=\"noopener\">Herrero Prieto, L.C., Sanz Lara, J.A., Bedate Centeno, A., Devesa Fern\u00e1ndez, M. y Barrio Tellado, M.J. del (2006) \u201cThe Economic Impact of Cultural Events: a Case-Study of Salamanca 2002, European Capital of Culture\u201d, <em>European Urban and Regional Studies,<\/em> 13(1), 41-57.<\/a><\/p>\n<p style=\"padding: 5px 15px 0 15px\">Herrero, L.C., Sanz, J.A., Bedate, A., Devesa, M. y Del Barrio, M.J. (2004). <em>Turismo Cultural e Impacto Econ\u00f3mico de Salamanca 2002, Ciudad Europea de la Cultura<\/em>. Madrid: Civitas.<\/p>\n<\/div>\n<p class=\"pdf\" style=\"padding-bottom: 2px;margin-bottom: 8px;line-height: 175%;font-weight: bold\"><a href=\"https:\/\/drive.google.com\/file\/d\/1F12m54NMtewdKn3x4xh7SFPqMXh7Ko8L\/view\"><strong>CV Standardized<\/strong><\/a><\/p>\n","protected":false},"excerpt":{"rendered":"<p>[:es] \u00ab Volver Mar\u00eda Devesa Fern\u00e1ndez Profesora Contratada Doctor de Econom\u00eda Aplicada Facultad CC. Sociales, Jcas. y de la Comunicaci\u00f3n Universidad de Valladolid Plaza de la Tierra, 3. 40001 Segovia &nbsp; Tel\u00e9fono: +34 921 112 122 Fax: +34 921 112 101 Email: mdevesa@eco.uva.es Web: http:\/\/www.emp.uva.es\/giec Docencia: Ver CV breve Mar\u00eda Devesa Fern\u00e1ndez es Doctora en [&hellip;]<\/p>\n","protected":false},"author":59,"featured_media":0,"parent":0,"menu_order":0,"comment_status":"closed","ping_status":"closed","template":"","meta":{"footnotes":""},"class_list":["post-1068","page","type-page","status-publish","hentry"],"_links":{"self":[{"href":"https:\/\/giec.blogs.uva.es\/index.php?rest_route=\/wp\/v2\/pages\/1068","targetHints":{"allow":["GET"]}}],"collection":[{"href":"https:\/\/giec.blogs.uva.es\/index.php?rest_route=\/wp\/v2\/pages"}],"about":[{"href":"https:\/\/giec.blogs.uva.es\/index.php?rest_route=\/wp\/v2\/types\/page"}],"author":[{"embeddable":true,"href":"https:\/\/giec.blogs.uva.es\/index.php?rest_route=\/wp\/v2\/users\/59"}],"replies":[{"embeddable":true,"href":"https:\/\/giec.blogs.uva.es\/index.php?rest_route=%2Fwp%2Fv2%2Fcomments&post=1068"}],"version-history":[{"count":0,"href":"https:\/\/giec.blogs.uva.es\/index.php?rest_route=\/wp\/v2\/pages\/1068\/revisions"}],"wp:attachment":[{"href":"https:\/\/giec.blogs.uva.es\/index.php?rest_route=%2Fwp%2Fv2%2Fmedia&parent=1068"}],"curies":[{"name":"wp","href":"https:\/\/api.w.org\/{rel}","templated":true}]}}